{"id":8,"date":"2024-01-09T13:23:04","date_gmt":"2024-01-09T12:23:04","guid":{"rendered":"https:\/\/memoriadelaredo.org\/?page_id=8"},"modified":"2025-02-12T20:11:06","modified_gmt":"2025-02-12T19:11:06","slug":"memoria-de-laredo","status":"publish","type":"page","link":"https:\/\/memoriadelaredo.org\/?page_id=8","title":{"rendered":"Memoria de Laredo"},"content":{"rendered":"<p>[et_pb_section fb_built=\u00bb1&#8243; admin_label=\u00bbSecci\u00f3n GOOGLE SCHEMA\u00bb _builder_version=\u00bb4.25.2&#8243; _module_preset=\u00bbdefault\u00bb global_colors_info=\u00bb{}\u00bb][et_pb_row _builder_version=\u00bb4.25.2&#8243; _module_preset=\u00bbdefault\u00bb global_colors_info=\u00bb{}\u00bb][et_pb_column type=\u00bb4_4&#8243; _builder_version=\u00bb4.25.2&#8243; _module_preset=\u00bbdefault\u00bb global_colors_info=\u00bb{}\u00bb][et_pb_code admin_label=\u00bbC\u00f3digo GOOGLE SCHEMA\u00bb _builder_version=\u00bb4.25.2&#8243; _module_preset=\u00bbdefault\u00bb global_colors_info=\u00bb{}\u00bb]<script type=\"application\/ld+json\"><!-- [et_pb_line_break_holder] -->{<!-- [et_pb_line_break_holder] -->  \"@context\": \"https:\/\/schema.org\",<!-- [et_pb_line_break_holder] -->  \"@type\": \"Organization\",<!-- [et_pb_line_break_holder] -->  \"name\": \"Memoria de Laredo\",<!-- [et_pb_line_break_holder] -->  \"url\": \"https:\/\/memoriadelaredo.org\",<!-- [et_pb_line_break_holder] -->  \"logo\": \"https:\/\/memoriadelaredo.org\/wp-content\/uploads\/2024\/02\/logo.png\",<!-- [et_pb_line_break_holder] -->  \"description\": \"Colectivo dedicado a la preservaci\u00f3n de la memoria hist\u00f3rica de Laredo durante la Guerra Civil Espa\u00f1ola y la represi\u00f3n posterior.\",<!-- [et_pb_line_break_holder] -->  \"contactPoint\": {<!-- [et_pb_line_break_holder] -->    \"@type\": \"ContactPoint\",<!-- [et_pb_line_break_holder] -->    \"email\": \"info@memoriadelaredo.org\",<!-- [et_pb_line_break_holder] -->    \"contactType\": \"General\"<!-- [et_pb_line_break_holder] -->  },<!-- [et_pb_line_break_holder] -->  \"keywords\": [<!-- [et_pb_line_break_holder] -->    \"Guerra Civil Espa\u00f1ola Laredo\",<!-- [et_pb_line_break_holder] -->    \"V\u00edctimas Laredo Cantabria\",<!-- [et_pb_line_break_holder] -->    \"Represi\u00f3n posguerra Laredo\",<!-- [et_pb_line_break_holder] -->    \"Historia Laredo Guerra Civil\",<!-- [et_pb_line_break_holder] -->    \"Memoria hist\u00f3rica Laredo\"<!-- [et_pb_line_break_holder] -->  ]<!-- [et_pb_line_break_holder] -->}<!-- [et_pb_line_break_holder] --><\/script><!-- [et_pb_line_break_holder] -->[\/et_pb_code][\/et_pb_column][\/et_pb_row][\/et_pb_section][et_pb_section fb_built=\u00bb1&#8243; _builder_version=\u00bb4.16&#8243; global_colors_info=\u00bb{}\u00bb][et_pb_row _builder_version=\u00bb4.16&#8243; background_size=\u00bbinitial\u00bb background_position=\u00bbtop_left\u00bb background_repeat=\u00bbrepeat\u00bb global_colors_info=\u00bb{}\u00bb][et_pb_column type=\u00bb4_4&#8243; _builder_version=\u00bb4.16&#8243; custom_padding=\u00bb|||\u00bb global_colors_info=\u00bb{}\u00bb custom_padding__hover=\u00bb|||\u00bb][et_pb_text _builder_version=\u00bb4.24.0&#8243; background_size=\u00bbinitial\u00bb background_position=\u00bbtop_left\u00bb background_repeat=\u00bbrepeat\u00bb global_colors_info=\u00bb{}\u00bb]<\/p>\n<p><!-- divi:group {\"align\":\"full\",\"style\":{\"spacing\":{\"padding\":{\"top\":\"var:preset|spacing|50\",\"bottom\":\"var:preset|spacing|50\",\"left\":\"var:preset|spacing|50\",\"right\":\"var:preset|spacing|50\"}}},\"layout\":{\"type\":\"constrained\",\"contentSize\":\"\",\"wideSize\":\"\"}} --><\/p>\n<div class=\"wp-block-group alignfull\" style=\"padding: var(--wp--preset--spacing--50);\">\n<p><!-- divi:group {\"style\":{\"spacing\":{\"blockGap\":\"0px\"}},\"layout\":{\"type\":\"constrained\",\"contentSize\":\"565px\"}} --><\/p>\n<div class=\"wp-block-group\">\n<p><!-- divi:heading {\"textAlign\":\"center\",\"level\":1,\"fontSize\":\"x-large\"} --><\/p>\n<h1 class=\"wp-block-heading has-text-align-center has-x-large-font-size\"><strong>Trabajo de investigaci\u00f3n sobre las v\u00edctimas de la guerra civil en la comarca de Laredo, Cantabria.<\/strong><\/h1>\n<\/div>\n<\/div>\n<p><!-- \/divi:group --><\/p>\n<p>[\/et_pb_text][et_pb_text _builder_version=\u00bb4.24.0&#8243; _module_preset=\u00bbdefault\u00bb text_text_color=\u00bb#000000&#8243; text_font_size=\u00bb18px\u00bb text_text_shadow_style=\u00bbpreset2&#8243; global_colors_info=\u00bb{}\u00bb]<\/p>\n<p>Seis a\u00f1os investigando el marco hist\u00f3rico de lo sucedido en la comarca durante la Guerra Civil y recopilando historias de deportaci\u00f3n, represi\u00f3n, exilio y muerte que forman parte de la historia de la villa.<\/p>\n<p>[\/et_pb_text][et_pb_divider show_divider=\u00bboff\u00bb _builder_version=\u00bb4.24.0&#8243; _module_preset=\u00bbdefault\u00bb global_colors_info=\u00bb{}\u00bb][\/et_pb_divider][et_pb_image src=\u00bbhttps:\/\/memoriadelaredo.org\/wp-content\/uploads\/2024\/01\/MemoriaLaredo1.jpg\u00bb alt=\u00bbMemoria hist\u00f3rica Laredo\u00bb title_text=\u00bbMemoria hist\u00f3rica Laredo\u00bb align=\u00bbcenter\u00bb _builder_version=\u00bb4.24.0&#8243; _module_preset=\u00bbdefault\u00bb box_shadow_style=\u00bbpreset1&#8243; global_colors_info=\u00bb{}\u00bb][\/et_pb_image][et_pb_text _builder_version=\u00bb4.24.0&#8243; _module_preset=\u00bbdefault\u00bb text_font=\u00bb||on||||||\u00bb text_text_color=\u00bb#000000&#8243; text_orientation=\u00bbcenter\u00bb global_colors_info=\u00bb{}\u00bb]<\/p>\n<p>Memoria hist\u00f3rica Laredo<\/p>\n<p>[\/et_pb_text][\/et_pb_column][\/et_pb_row][\/et_pb_section][et_pb_section fb_built=\u00bb1&#8243; _builder_version=\u00bb4.24.0&#8243; _module_preset=\u00bbdefault\u00bb global_colors_info=\u00bb{}\u00bb][et_pb_row admin_label=\u00bbFila QUIENES SOMOS\u00bb _builder_version=\u00bb4.27.0&#8243; _module_preset=\u00bbdefault\u00bb global_colors_info=\u00bb{}\u00bb][et_pb_column type=\u00bb4_4&#8243; _builder_version=\u00bb4.24.0&#8243; _module_preset=\u00bbdefault\u00bb global_colors_info=\u00bb{}\u00bb][et_pb_text admin_label=\u00bbTitulo %22Quienes somos%22 &#8211; H1&#8243; _builder_version=\u00bb4.27.0&#8243; _module_preset=\u00bbdefault\u00bb text_font=\u00bb|700|||||||\u00bb text_text_color=\u00bb#000000&#8243; text_font_size=\u00bb22px\u00bb header_font=\u00bb|700|||||||\u00bb header_text_color=\u00bb#000000&#8243; text_text_shadow_style=\u00bbpreset2&#8243; header_text_shadow_style=\u00bbpreset2&#8243; global_colors_info=\u00bb{}\u00bb]<\/p>\n<h1>Qui\u00e9nes somos<\/h1>\n<p>[\/et_pb_text][et_pb_text admin_label=\u00bbTexto &#8211; H2: C\u00f3mo fue el inicio de todo\u00bb _builder_version=\u00bb4.24.0&#8243; _module_preset=\u00bbdefault\u00bb header_2_text_color=\u00bb#000000&#8243; header_2_text_shadow_style=\u00bbpreset2&#8243; global_colors_info=\u00bb{}\u00bb]<\/p>\n<h2>C\u00f3mo fue el inicio de todo\u2026.<\/h2>\n<p>[\/et_pb_text][et_pb_text admin_label=\u00bbTexto normal, 18 Negrita: As\u00ed naci\u00f3 el proyecto (de la expo)\u00bb _builder_version=\u00bb4.25.2&#8243; _module_preset=\u00bbdefault\u00bb text_font=\u00bb||||||||\u00bb text_text_color=\u00bb#000000&#8243; text_font_size=\u00bb18px\u00bb link_option_url=\u00bbhttps:\/\/memoriadelaredo.org\/2019\/03\/\u00bb global_colors_info=\u00bb{}\u00bb]<\/p>\n<p>La colaboraci\u00f3n en un trabajo sobre el exilio femenino c\u00e1ntabro nos puso sin querer en una investigaci\u00f3n local que ha llegado mucho m\u00e1s all\u00e1 de lo que hab\u00edamos previsto.<\/p>\n<p>Donde hab\u00eda una mujer exiliada hab\u00eda un entorno sin diferencias de g\u00e9nero y tampoco conoc\u00edamos ning\u00fan trabajo sobre la materia en Laredo y lo que nos contaban, bas\u00e1ndose en la memoria viva, en pocos a\u00f1os ser\u00eda imposible volverlo a o\u00edr: o se emprend\u00eda el trabajo ya o m\u00e1s tarde no ser\u00eda posible hacerlo.<\/p>\n<p>Cada v\u00edctima que encontr\u00e1bamos nos confirmaba en esta tarea, para ayudar a recordar y dar a conocer a los que no lo vivieron, oyeron ni oyen hablar de ello, porque conocer los hechos es ayudar a que no se repitan. \u201cUstedes no superar\u00e1n esa etapa hasta que no sean capaces de hablar de ella y enjuiciarla sin limitaciones, como hicimos nosotros con la ley de Punto Final\u201d,<br \/>me dec\u00eda una amiga laredano-argentina que colabor\u00f3 con su testimonio y nos puso en contacto con otros familiares.<\/p>\n<p>La intenci\u00f3n de trabajar s\u00f3lo la memoria viva qued\u00f3 r\u00e1pidamente superada cuando se nos aportaron documentos o fotograf\u00edas que ampliaban nuestro campo de trabajo. Se incorporaron las tecnolog\u00edas, los archivos, etc. y ello nos aport\u00f3, adem\u00e1s de nuevas v\u00edctimas y trabajos, un mejor marco hist\u00f3rico que daban profundidad y rigor al trabajo.<\/p>\n<p>Destacar, porque es de justicia, las reuniones y testimonios con Manuela G\u00e1rate, hija y hermana de represaliados y con envidiable memoria de hechos de los que fue testigo y las fotograf\u00edas y documentos aportados por Aurora Guti\u00e9rrez, hija de exiliados, sobrina y nieta de deportados, desaparecidos en los campos nazis, los Puente-Izaguirre. La interminable relaci\u00f3n v\u00eda e-mail y su relato \u201cEl Lazo Negro\u201d, nos adentraron en la m\u00e1s dura realidad del mundo del Exilio, Deportaci\u00f3n y Muerte que otros laredanos tambi\u00e9n padecieron, algunos tambi\u00e9n en familia.<\/p>\n<p>Reflexionar sobre el exilio, t\u00e9rmino separado habitualmente del de represi\u00f3n, como si no fuera una represi\u00f3n extrema dejar atr\u00e1s tierra y costumbres, familiares o amigos, los bienes, en muchos casos para siempre. La represi\u00f3n m\u00e1xima \u2013si se puede medir el t\u00e9rmino- es deportaci\u00f3n con muerte, pero tambi\u00e9n lo es sobrevivir a los campos, morir defendiendo un pa\u00eds que no es el tuyo o tener que vivir fuera, aunque sea temporalmente.<\/p>\n<p>Nuestro reconocimiento a todas las v\u00edctimas, A TODOS LOS REPRESALIADOS.<\/p>\n<p>[\/et_pb_text][\/et_pb_column][\/et_pb_row][et_pb_row admin_label=\u00bbFila Acto de constituci\u00f3n\u00bb _builder_version=\u00bb4.24.0&#8243; _module_preset=\u00bbdefault\u00bb global_colors_info=\u00bb{}\u00bb][et_pb_column type=\u00bb4_4&#8243; _builder_version=\u00bb4.24.0&#8243; _module_preset=\u00bbdefault\u00bb global_colors_info=\u00bb{}\u00bb][et_pb_text admin_label=\u00bbTitulo %22Acto de Constituci\u00f3n%22 &#8211; H1&#8243; _builder_version=\u00bb4.24.0&#8243; _module_preset=\u00bbdefault\u00bb text_font=\u00bb|700|||||||\u00bb text_text_color=\u00bb#000000&#8243; text_font_size=\u00bb22px\u00bb header_font=\u00bb|700|||||||\u00bb header_text_color=\u00bb#000000&#8243; text_text_shadow_style=\u00bbpreset2&#8243; header_text_shadow_style=\u00bbpreset2&#8243; global_colors_info=\u00bb{}\u00bb]<\/p>\n<h1>Acto de Constituci\u00f3n.<\/h1>\n<p>[\/et_pb_text][et_pb_gallery gallery_ids=\u00bb459,458,457&#8243; gallery_orderby=\u00bbrand\u00bb posts_number=\u00bb3&#8243; show_title_and_caption=\u00bboff\u00bb show_pagination=\u00bboff\u00bb admin_label=\u00bbGaler\u00eda fotos constituci\u00f3n\u00bb _builder_version=\u00bb4.27.0&#8243; _module_preset=\u00bbdefault\u00bb global_colors_info=\u00bb{}\u00bb][\/et_pb_gallery][et_pb_text admin_label=\u00bbTexto &#8211; H2: cartel de convocatoria, foto de asamblea constitutiva, la fecha\u00bb _builder_version=\u00bb4.25.2&#8243; _module_preset=\u00bbdefault\u00bb header_2_text_color=\u00bb#000000&#8243; header_2_text_shadow_style=\u00bbpreset2&#8243; global_colors_info=\u00bb{}\u00bb]<\/p>\n<h2>Cartel de la convocatoria<\/h2>\n<p><a href=\"https:\/\/memoriadelaredo.org\/wp-content\/uploads\/2024\/09\/2019-05-12.jpg\"><img loading=\"lazy\" decoding=\"async\" class=\"aligncenter wp-image-683 \" src=\"https:\/\/memoriadelaredo.org\/wp-content\/uploads\/2024\/09\/2019-05-12.jpg\" alt=\"\" width=\"381\" height=\"517\" \/><\/a><\/p>\n<p>[\/et_pb_text][et_pb_text admin_label=\u00bbEstatutos\u00bb _builder_version=\u00bb4.25.2&#8243; _module_preset=\u00bbdefault\u00bb global_colors_info=\u00bb{}\u00bb]<\/p>\n<p style=\"text-align: center;\">Puedes consultar aqu\u00ed nuestros <a href=\"https:\/\/memoriadelaredo.org\/wp-content\/uploads\/2024\/09\/ESTATUTOS-COLECTIVO-MEMORIA-DE-LAREDO-21-06-2023.pdf\" target=\"_blank\" rel=\"attachment noopener wp-att-689\">ESTATUTOS COLECTIVO MEMORIA DE LAREDO<\/a><\/p>\n<p>[\/et_pb_text][\/et_pb_column][\/et_pb_row][et_pb_row admin_label=\u00bbFila Hazte socio\u00bb _builder_version=\u00bb4.24.0&#8243; _module_preset=\u00bbdefault\u00bb global_colors_info=\u00bb{}\u00bb][et_pb_column type=\u00bb4_4&#8243; _builder_version=\u00bb4.24.0&#8243; _module_preset=\u00bbdefault\u00bb global_colors_info=\u00bb{}\u00bb][et_pb_text admin_label=\u00bbTitulo %22Hazte socio%22 &#8211; H1&#8243; _builder_version=\u00bb4.25.2&#8243; _module_preset=\u00bbdefault\u00bb text_font=\u00bb|700|||||||\u00bb text_text_color=\u00bb#000000&#8243; text_font_size=\u00bb22px\u00bb header_font=\u00bb|700|||||||\u00bb header_text_color=\u00bb#000000&#8243; text_text_shadow_style=\u00bbpreset2&#8243; header_text_shadow_style=\u00bbpreset2&#8243; global_colors_info=\u00bb{}\u00bb]<\/p>\n<h1>Hazte socio. Necesitamos tu aportaci\u00f3n.<\/h1>\n<p>[\/et_pb_text][et_pb_text admin_label=\u00bbTexto &#8211; H2: formulario de inscripci\u00f3n: n\u00ba de cuenta\u00bb _builder_version=\u00bb4.27.0&#8243; _module_preset=\u00bbdefault\u00bb header_2_text_color=\u00bb#000000&#8243; header_2_text_shadow_style=\u00bbpreset2&#8243; global_colors_info=\u00bb{}\u00bb]<\/p>\n<h2>Formulario de inscripci\u00f3n<\/h2>\n<p>Imprime este <a href=\"https:\/\/memoriadelaredo.org\/wp-content\/uploads\/2024\/09\/Escaneo.pdf\" target=\"_blank\" rel=\"attachment noopener wp-att-677\">Formulario inscripci\u00f3n<\/a> y env\u00edalo por correo a info@memoriadalaredo.org<\/p>\n<p>[\/et_pb_text][\/et_pb_column][\/et_pb_row][et_pb_row admin_label=\u00bbFila C\u00f3mo nos mantenemos\u00bb _builder_version=\u00bb4.24.0&#8243; _module_preset=\u00bbdefault\u00bb global_colors_info=\u00bb{}\u00bb][et_pb_column type=\u00bb4_4&#8243; _builder_version=\u00bb4.24.0&#8243; _module_preset=\u00bbdefault\u00bb global_colors_info=\u00bb{}\u00bb][et_pb_text admin_label=\u00bbTitulo %22C\u00f3mo nos mantenemos%22 &#8211; H1&#8243; _builder_version=\u00bb4.24.0&#8243; _module_preset=\u00bbdefault\u00bb text_font=\u00bb|700|||||||\u00bb text_text_color=\u00bb#000000&#8243; text_font_size=\u00bb22px\u00bb header_font=\u00bb|700|||||||\u00bb header_text_color=\u00bb#000000&#8243; hover_enabled=\u00bb0&#8243; text_text_shadow_style=\u00bbpreset2&#8243; header_text_shadow_style=\u00bbpreset2&#8243; global_colors_info=\u00bb{}\u00bb sticky_enabled=\u00bb0&#8243;]<\/p>\n<h1>C\u00f3mo nos mantenemos.<\/h1>\n<p>[\/et_pb_text][et_pb_text admin_label=\u00bbTexto &#8211; H2: formulario de inscripci\u00f3n: n\u00ba de cuenta\u00bb _builder_version=\u00bb4.25.2&#8243; _module_preset=\u00bbdefault\u00bb header_2_text_color=\u00bb#000000&#8243; hover_enabled=\u00bb0&#8243; header_2_text_shadow_style=\u00bbpreset2&#8243; global_colors_info=\u00bb{}\u00bb sticky_enabled=\u00bb0&#8243;]<\/p>\n<ul>\n<li>\n<h2>A trav\u00e9s de las cuotas de los afiliados<\/h2>\n<\/li>\n<li>\n<h2>Subvenciones p\u00fablicas que solicitamos anualmente<\/h2>\n<\/li>\n<li>\n<h2>Ocasionales convenios con Administraciones p\u00fablicas<\/h2>\n<\/li>\n<\/ul>\n<p>[\/et_pb_text][\/et_pb_column][\/et_pb_row][\/et_pb_section]<\/p>\n","protected":false},"excerpt":{"rendered":"<p>Una p\u00e1gina dedicada a preservar la memoria hist\u00f3rica de Laredo, especialmente sobre la Guerra Civil Espa\u00f1ola y la posguerra, con exposiciones, documentales y conferencias que destacan las experiencias de las v\u00edctimas de Laredo durante el conflicto.<\/p>\n","protected":false},"author":3,"featured_media":45,"parent":0,"menu_order":0,"comment_status":"closed","ping_status":"closed","template":"","meta":{"_et_pb_use_builder":"on","_et_pb_old_content":"<!-- wp:group {\"align\":\"full\",\"style\":{\"spacing\":{\"padding\":{\"top\":\"var:preset|spacing|50\",\"bottom\":\"var:preset|spacing|50\",\"left\":\"var:preset|spacing|50\",\"right\":\"var:preset|spacing|50\"}}},\"layout\":{\"type\":\"constrained\",\"contentSize\":\"\",\"wideSize\":\"\"}} -->\r\n<div class=\"wp-block-group alignfull\" style=\"padding-top:var(--wp--preset--spacing--50);padding-right:var(--wp--preset--spacing--50);padding-bottom:var(--wp--preset--spacing--50);padding-left:var(--wp--preset--spacing--50)\"><!-- wp:group {\"style\":{\"spacing\":{\"blockGap\":\"0px\"}},\"layout\":{\"type\":\"constrained\",\"contentSize\":\"565px\"}} -->\r\n<div class=\"wp-block-group\"><!-- wp:heading {\"textAlign\":\"center\",\"level\":1,\"fontSize\":\"x-large\"} -->\r\n<h1 class=\"wp-block-heading has-text-align-center has-x-large-font-size\"><strong>Trabajo de investigaci\u00f3n sobre las v\u00edctimas de la guerra civil en la comarca de Laredo, Cantabria.<\/strong><\/h1>\r\n<!-- \/wp:heading -->\r\n\r\n<!-- wp:spacer {\"height\":\"1.25rem\"} -->\r\n<div style=\"height:1.25rem\" aria-hidden=\"true\" class=\"wp-block-spacer\"><\/div>\r\n<!-- \/wp:spacer -->\r\n\r\n<!-- wp:paragraph {\"align\":\"center\"} -->\r\n<p class=\"has-text-align-center\">Seis a\u00f1os investigando el marco hist\u00f3rico de lo sucedido en la comarca durante la Guerra Civil y recopilando historias de deportaci\u00f3n, represi\u00f3n, exilio y muerte que forman parte de la historia de la villa.<\/p>\r\n<!-- \/wp:paragraph -->\r\n\r\n<!-- wp:spacer {\"height\":\"1.25rem\"} -->\r\n<div style=\"height:1.25rem\" aria-hidden=\"true\" class=\"wp-block-spacer\"><\/div>\r\n<!-- \/wp:spacer -->\r\n\r\n<!-- wp:buttons {\"layout\":{\"type\":\"flex\",\"justifyContent\":\"center\"}} -->\r\n<div class=\"wp-block-buttons\"><!-- wp:button -->\r\n<div class=\"wp-block-button\"><a class=\"wp-block-button__link wp-element-button\">Sobre nosotros<\/a><\/div>\r\n<!-- \/wp:button --><\/div>\r\n<!-- \/wp:buttons --><\/div>\r\n<!-- \/wp:group -->\r\n\r\n<!-- wp:spacer {\"height\":\"var:preset|spacing|30\",\"style\":{\"layout\":[]}} -->\r\n<div style=\"height:var(--wp--preset--spacing--30)\" aria-hidden=\"true\" class=\"wp-block-spacer\"><\/div>\r\n<!-- \/wp:spacer -->\r\n\r\n<!-- wp:gallery {\"linkTo\":\"none\",\"sizeSlug\":\"full\",\"align\":\"wide\"} -->\r\n<figure class=\"wp-block-gallery alignwide has-nested-images columns-default is-cropped\"><!-- wp:image {\"id\":10,\"sizeSlug\":\"full\",\"linkDestination\":\"none\"} -->\r\n<figure class=\"wp-block-image size-full\"><img src=\"https:\/\/memoriadelaredo.org\/wp-content\/uploads\/2024\/01\/MemoriaLaredo1.jpg\" alt=\"Memoria hist\u00f3rica Laredo\" class=\"wp-image-10\"\/><figcaption class=\"wp-element-caption\">Memoria hist\u00f3rica Laredo<\/figcaption><\/figure>\r\n<!-- \/wp:image --><\/figure>\r\n<!-- \/wp:gallery --><\/div>\r\n<!-- \/wp:group -->\r\n\r\n<!-- wp:group {\"align\":\"full\",\"style\":{\"spacing\":{\"margin\":{\"top\":\"0\",\"bottom\":\"0\"},\"padding\":{\"top\":\"var:preset|spacing|50\",\"bottom\":\"var:preset|spacing|50\",\"left\":\"var:preset|spacing|50\",\"right\":\"var:preset|spacing|50\"}}},\"backgroundColor\":\"base-2\",\"layout\":{\"type\":\"constrained\"}} -->\r\n<div class=\"wp-block-group alignfull has-base-2-background-color has-background\" style=\"margin-top:0;margin-bottom:0;padding-top:var(--wp--preset--spacing--50);padding-right:var(--wp--preset--spacing--50);padding-bottom:var(--wp--preset--spacing--50);padding-left:var(--wp--preset--spacing--50)\"><!-- wp:group {\"style\":{\"spacing\":{\"blockGap\":\"0px\"}},\"layout\":{\"type\":\"flex\",\"orientation\":\"vertical\",\"justifyContent\":\"center\"}} -->\r\n<div class=\"wp-block-group\"><!-- wp:heading {\"textAlign\":\"center\",\"className\":\"is-style-asterisk\"} -->\r\n<h2 class=\"wp-block-heading has-text-align-center is-style-asterisk\">Pasi\u00f3n por crear espacios<\/h2>\r\n<!-- \/wp:heading -->\r\n\r\n<!-- wp:spacer {\"height\":\"0px\",\"style\":{\"layout\":{\"flexSize\":\"1.25rem\",\"selfStretch\":\"fixed\"}}} -->\r\n<div style=\"height:0px\" aria-hidden=\"true\" class=\"wp-block-spacer\"><\/div>\r\n<!-- \/wp:spacer -->\r\n\r\n<!-- wp:paragraph {\"align\":\"center\"} -->\r\n<p class=\"has-text-align-center\">Nuestro amplio conjunto de servicios profesionales atiende a una clientela diversa, desde propietarios de viviendas hasta promotores comerciales.<\/p>\r\n<!-- \/wp:paragraph --><\/div>\r\n<!-- \/wp:group -->\r\n\r\n<!-- wp:spacer {\"height\":\"var:preset|spacing|40\",\"style\":{\"spacing\":{\"margin\":{\"top\":\"0\",\"bottom\":\"0\"}}}} -->\r\n<div style=\"margin-top:0;margin-bottom:0;height:var(--wp--preset--spacing--40)\" aria-hidden=\"true\" class=\"wp-block-spacer\"><\/div>\r\n<!-- \/wp:spacer -->\r\n\r\n<!-- wp:columns {\"align\":\"wide\",\"style\":{\"spacing\":{\"blockGap\":{\"top\":\"var:preset|spacing|30\",\"left\":\"var:preset|spacing|40\"}}}} -->\r\n<div class=\"wp-block-columns alignwide\"><!-- wp:column {\"style\":{\"spacing\":{\"blockGap\":\"var:preset|spacing|10\"}}} -->\r\n<div class=\"wp-block-column\"><!-- wp:heading {\"textAlign\":\"left\",\"level\":3,\"style\":{\"typography\":{\"fontStyle\":\"normal\",\"fontWeight\":\"600\"}},\"className\":\"is-style-asterisk\",\"fontSize\":\"medium\",\"fontFamily\":\"body\"} -->\r\n<h3 class=\"wp-block-heading has-text-align-left is-style-asterisk has-body-font-family has-medium-font-size\" style=\"font-style:normal;font-weight:600\">Renovaci\u00f3n y restauraci\u00f3n<\/h3>\r\n<!-- \/wp:heading -->\r\n\r\n<!-- wp:paragraph {\"align\":\"left\"} -->\r\n<p class=\"has-text-align-left\">Experimenta la fusi\u00f3n de imaginaci\u00f3n y experiencia con Soluciones Arquitect\u00f3nicas \u00c9tudes.<\/p>\r\n<!-- \/wp:paragraph --><\/div>\r\n<!-- \/wp:column -->\r\n\r\n<!-- wp:column {\"style\":{\"spacing\":{\"blockGap\":\"var:preset|spacing|10\"}}} -->\r\n<div class=\"wp-block-column\"><!-- wp:heading {\"textAlign\":\"left\",\"level\":3,\"style\":{\"typography\":{\"fontStyle\":\"normal\",\"fontWeight\":\"600\"}},\"className\":\"is-style-asterisk\",\"fontSize\":\"medium\",\"fontFamily\":\"body\"} -->\r\n<h3 class=\"wp-block-heading has-text-align-left is-style-asterisk has-body-font-family has-medium-font-size\" style=\"font-style:normal;font-weight:600\">Soporte continuo<\/h3>\r\n<!-- \/wp:heading -->\r\n\r\n<!-- wp:paragraph {\"align\":\"left\"} -->\r\n<p class=\"has-text-align-left\">Experimenta la fusi\u00f3n de imaginaci\u00f3n y experiencia con Soluciones Arquitect\u00f3nicas \u00c9tudes.<\/p>\r\n<!-- \/wp:paragraph --><\/div>\r\n<!-- \/wp:column -->\r\n\r\n<!-- wp:column {\"style\":{\"spacing\":{\"blockGap\":\"var:preset|spacing|10\"}}} -->\r\n<div class=\"wp-block-column\"><!-- wp:heading {\"textAlign\":\"left\",\"level\":3,\"style\":{\"typography\":{\"fontStyle\":\"normal\",\"fontWeight\":\"600\"}},\"className\":\"is-style-asterisk\",\"fontSize\":\"medium\",\"fontFamily\":\"body\"} -->\r\n<h3 class=\"wp-block-heading has-text-align-left is-style-asterisk has-body-font-family has-medium-font-size\" style=\"font-style:normal;font-weight:600\">Acceso a la aplicaci\u00f3n<\/h3>\r\n<!-- \/wp:heading -->\r\n\r\n<!-- wp:paragraph {\"align\":\"left\"} -->\r\n<p class=\"has-text-align-left\">Experimenta la fusi\u00f3n de imaginaci\u00f3n y experiencia con Soluciones Arquitect\u00f3nicas \u00c9tudes.<\/p>\r\n<!-- \/wp:paragraph --><\/div>\r\n<!-- \/wp:column --><\/div>\r\n<!-- \/wp:columns -->\r\n\r\n<!-- wp:spacer {\"height\":\"var:preset|spacing|20\"} -->\r\n<div style=\"height:var(--wp--preset--spacing--20)\" aria-hidden=\"true\" class=\"wp-block-spacer\"><\/div>\r\n<!-- \/wp:spacer -->\r\n\r\n<!-- wp:columns {\"align\":\"wide\",\"style\":{\"spacing\":{\"blockGap\":{\"top\":\"var:preset|spacing|30\",\"left\":\"var:preset|spacing|40\"}}}} -->\r\n<div class=\"wp-block-columns alignwide\"><!-- wp:column {\"style\":{\"spacing\":{\"blockGap\":\"var:preset|spacing|10\"}}} -->\r\n<div class=\"wp-block-column\"><!-- wp:heading {\"textAlign\":\"left\",\"level\":3,\"style\":{\"typography\":{\"fontStyle\":\"normal\",\"fontWeight\":\"600\"}},\"className\":\"is-style-asterisk\",\"fontSize\":\"medium\",\"fontFamily\":\"body\"} -->\r\n<h3 class=\"wp-block-heading has-text-align-left is-style-asterisk has-body-font-family has-medium-font-size\" style=\"font-style:normal;font-weight:600\">Consultor\u00eda<\/h3>\r\n<!-- \/wp:heading -->\r\n\r\n<!-- wp:paragraph {\"align\":\"left\"} -->\r\n<p class=\"has-text-align-left\">Experimenta la fusi\u00f3n de imaginaci\u00f3n y experiencia con Soluciones Arquitect\u00f3nicas \u00c9tudes.<\/p>\r\n<!-- \/wp:paragraph --><\/div>\r\n<!-- \/wp:column -->\r\n\r\n<!-- wp:column {\"style\":{\"spacing\":{\"blockGap\":\"var:preset|spacing|10\"}}} -->\r\n<div class=\"wp-block-column\"><!-- wp:heading {\"textAlign\":\"left\",\"level\":3,\"style\":{\"typography\":{\"fontStyle\":\"normal\",\"fontWeight\":\"600\"}},\"className\":\"is-style-asterisk\",\"fontSize\":\"medium\",\"fontFamily\":\"body\"} -->\r\n<h3 class=\"wp-block-heading has-text-align-left is-style-asterisk has-body-font-family has-medium-font-size\" style=\"font-style:normal;font-weight:600\">Gesti\u00f3n de proyectos<\/h3>\r\n<!-- \/wp:heading -->\r\n\r\n<!-- wp:paragraph {\"align\":\"left\"} -->\r\n<p class=\"has-text-align-left\">Experimenta la fusi\u00f3n de imaginaci\u00f3n y experiencia con Soluciones Arquitect\u00f3nicas \u00c9tudes.<\/p>\r\n<!-- \/wp:paragraph --><\/div>\r\n<!-- \/wp:column -->\r\n\r\n<!-- wp:column {\"style\":{\"spacing\":{\"blockGap\":\"var:preset|spacing|10\"}}} -->\r\n<div class=\"wp-block-column\"><!-- wp:heading {\"textAlign\":\"left\",\"level\":3,\"style\":{\"typography\":{\"fontStyle\":\"normal\",\"fontWeight\":\"600\"}},\"className\":\"is-style-asterisk\",\"fontSize\":\"medium\",\"fontFamily\":\"body\"} -->\r\n<h3 class=\"wp-block-heading has-text-align-left is-style-asterisk has-body-font-family has-medium-font-size\" style=\"font-style:normal;font-weight:600\">Soluciones arquitect\u00f3nicas<\/h3>\r\n<!-- \/wp:heading -->\r\n\r\n<!-- wp:paragraph {\"align\":\"left\"} -->\r\n<p class=\"has-text-align-left\">Experimenta la fusi\u00f3n de imaginaci\u00f3n y experiencia con Soluciones Arquitect\u00f3nicas \u00c9tudes.<\/p>\r\n<!-- \/wp:paragraph --><\/div>\r\n<!-- \/wp:column --><\/div>\r\n<!-- \/wp:columns --><\/div>\r\n<!-- \/wp:group -->\r\n\r\n<!-- wp:group {\"align\":\"full\",\"style\":{\"spacing\":{\"padding\":{\"top\":\"var:preset|spacing|50\",\"bottom\":\"var:preset|spacing|50\",\"left\":\"var:preset|spacing|50\",\"right\":\"var:preset|spacing|50\"},\"margin\":{\"top\":\"0\",\"bottom\":\"0\"}}},\"layout\":{\"type\":\"constrained\"}} -->\r\n<div class=\"wp-block-group alignfull\" style=\"margin-top:0;margin-bottom:0;padding-top:var(--wp--preset--spacing--50);padding-right:var(--wp--preset--spacing--50);padding-bottom:var(--wp--preset--spacing--50);padding-left:var(--wp--preset--spacing--50)\"><!-- wp:group {\"align\":\"wide\",\"style\":{\"spacing\":{\"blockGap\":\"0\"}},\"layout\":{\"type\":\"constrained\"}} -->\r\n<div class=\"wp-block-group alignwide\"><!-- wp:group {\"style\":{\"spacing\":{\"blockGap\":\"var:preset|spacing|10\"}},\"layout\":{\"type\":\"flex\",\"orientation\":\"vertical\",\"justifyContent\":\"center\"}} -->\r\n<div class=\"wp-block-group\"><!-- wp:heading {\"textAlign\":\"center\",\"className\":\"is-style-asterisk\"} -->\r\n<h2 class=\"wp-block-heading has-text-align-center is-style-asterisk\">Una serie de recursos<\/h2>\r\n<!-- \/wp:heading -->\r\n\r\n<!-- wp:paragraph {\"align\":\"center\",\"style\":{\"layout\":{\"selfStretch\":\"fit\",\"flexSize\":null}}} -->\r\n<p class=\"has-text-align-center\">Nuestro amplio conjunto de servicios profesionales atiende a una clientela diversa, desde propietarios de viviendas hasta promotores comerciales.<\/p>\r\n<!-- \/wp:paragraph --><\/div>\r\n<!-- \/wp:group -->\r\n\r\n<!-- wp:spacer {\"height\":\"var:preset|spacing|40\"} -->\r\n<div style=\"height:var(--wp--preset--spacing--40)\" aria-hidden=\"true\" class=\"wp-block-spacer\"><\/div>\r\n<!-- \/wp:spacer -->\r\n\r\n<!-- wp:columns {\"align\":\"wide\",\"style\":{\"spacing\":{\"blockGap\":{\"top\":\"var:preset|spacing|50\",\"left\":\"var:preset|spacing|60\"}}}} -->\r\n<div class=\"wp-block-columns alignwide\"><!-- wp:column {\"verticalAlignment\":\"center\",\"width\":\"40%\"} -->\r\n<div class=\"wp-block-column is-vertically-aligned-center\" style=\"flex-basis:40%\"><!-- wp:heading {\"level\":3,\"className\":\"is-style-asterisk\"} -->\r\n<h3 class=\"wp-block-heading is-style-asterisk\">Aplicaci\u00f3n \u00c9tudes Arquitecto<\/h3>\r\n<!-- \/wp:heading -->\r\n\r\n<!-- wp:list {\"style\":{\"typography\":{\"lineHeight\":\"1.75\"}},\"className\":\"is-style-checkmark-list\"} -->\r\n<ul style=\"line-height:1.75\" class=\"is-style-checkmark-list\"><!-- wp:list-item -->\r\n<li>Colabora con otros arquitectos.<\/li>\r\n<!-- \/wp:list-item -->\r\n\r\n<!-- wp:list-item -->\r\n<li>Muestra tus proyectos.<\/li>\r\n<!-- \/wp:list-item -->\r\n\r\n<!-- wp:list-item -->\r\n<li>Experimenta el mundo de la arquitectura.<\/li>\r\n<!-- \/wp:list-item --><\/ul>\r\n<!-- \/wp:list --><\/div>\r\n<!-- \/wp:column -->\r\n\r\n<!-- wp:column {\"width\":\"50%\"} -->\r\n<div class=\"wp-block-column\" style=\"flex-basis:50%\"><!-- wp:image {\"sizeSlug\":\"large\",\"linkDestination\":\"none\",\"className\":\"is-style-rounded\"} -->\r\n<figure class=\"wp-block-image size-large is-style-rounded\"><img src=\"https:\/\/memoriadelaredo.org\/wp-content\/themes\/twentytwentyfour\/assets\/images\/tourist-and-building.webp\" alt=\"Turista fotografiando un edificio\"\/><\/figure>\r\n<!-- \/wp:image --><\/div>\r\n<!-- \/wp:column --><\/div>\r\n<!-- \/wp:columns -->\r\n\r\n<!-- wp:spacer {\"height\":\"var:preset|spacing|40\"} -->\r\n<div style=\"height:var(--wp--preset--spacing--40)\" aria-hidden=\"true\" class=\"wp-block-spacer\"><\/div>\r\n<!-- \/wp:spacer -->\r\n\r\n<!-- wp:columns {\"align\":\"wide\",\"style\":{\"spacing\":{\"blockGap\":{\"top\":\"var:preset|spacing|50\",\"left\":\"var:preset|spacing|60\"}}}} -->\r\n<div class=\"wp-block-columns alignwide\"><!-- wp:column {\"width\":\"50%\"} -->\r\n<div class=\"wp-block-column\" style=\"flex-basis:50%\"><!-- wp:image {\"sizeSlug\":\"large\",\"linkDestination\":\"none\",\"className\":\"is-style-rounded\"} -->\r\n<figure class=\"wp-block-image size-large is-style-rounded\"><img src=\"https:\/\/memoriadelaredo.org\/wp-content\/themes\/twentytwentyfour\/assets\/images\/windows.webp\" alt=\"Ventanas de un edificio en N\u00faremberg, Alemania\"\/><\/figure>\r\n<!-- \/wp:image --><\/div>\r\n<!-- \/wp:column -->\r\n\r\n<!-- wp:column {\"verticalAlignment\":\"center\",\"width\":\"40%\"} -->\r\n<div class=\"wp-block-column is-vertically-aligned-center\" style=\"flex-basis:40%\"><!-- wp:heading {\"level\":3,\"className\":\"is-style-asterisk\"} -->\r\n<h3 class=\"wp-block-heading is-style-asterisk\">Bolet\u00edn \u00c9tudes<\/h3>\r\n<!-- \/wp:heading -->\r\n\r\n<!-- wp:list {\"style\":{\"typography\":{\"lineHeight\":\"1.75\"}},\"className\":\"is-style-checkmark-list\"} -->\r\n<ul style=\"line-height:1.75\" class=\"is-style-checkmark-list\"><!-- wp:list-item -->\r\n<li>Un mundo de art\u00edculos que invitan a la reflexi\u00f3n.<\/li>\r\n<!-- \/wp:list-item -->\r\n\r\n<!-- wp:list-item -->\r\n<li>Casos pr\u00e1cticos que celebran la arquitectura.<\/li>\r\n<!-- \/wp:list-item -->\r\n\r\n<!-- wp:list-item -->\r\n<li>Acceso exclusivo a ideas de dise\u00f1o.<\/li>\r\n<!-- \/wp:list-item --><\/ul>\r\n<!-- \/wp:list --><\/div>\r\n<!-- \/wp:column --><\/div>\r\n<!-- \/wp:columns --><\/div>\r\n<!-- \/wp:group --><\/div>\r\n<!-- \/wp:group -->\r\n\r\n<!-- wp:group {\"align\":\"full\",\"style\":{\"spacing\":{\"padding\":{\"top\":\"var:preset|spacing|60\",\"bottom\":\"var:preset|spacing|60\",\"left\":\"var:preset|spacing|60\",\"right\":\"var:preset|spacing|60\"},\"margin\":{\"top\":\"0\",\"bottom\":\"0\"}}},\"backgroundColor\":\"contrast\",\"textColor\":\"base\",\"layout\":{\"type\":\"constrained\",\"contentSize\":\"\"},\"metadata\":{\"name\":\"Testimonios\"}} -->\r\n<div class=\"wp-block-group alignfull has-base-color has-contrast-background-color has-text-color has-background\" style=\"margin-top:0;margin-bottom:0;padding-top:var(--wp--preset--spacing--60);padding-right:var(--wp--preset--spacing--60);padding-bottom:var(--wp--preset--spacing--60);padding-left:var(--wp--preset--spacing--60)\"><!-- wp:group {\"layout\":{\"type\":\"constrained\"}} -->\r\n<div class=\"wp-block-group\"><!-- wp:paragraph {\"align\":\"center\",\"style\":{\"typography\":{\"lineHeight\":\"1.2\"}},\"textColor\":\"base\",\"fontSize\":\"x-large\",\"fontFamily\":\"heading\"} -->\r\n<p class=\"has-text-align-center has-base-color has-text-color has-heading-font-family has-x-large-font-size\" style=\"line-height:1.2\">\r\n\t\t\t<em>\"\u00c9tudes nos ha ahorrado miles de horas de trabajo y ha desbloqueado perspectivas que nunca cre\u00edmos posibles\".<\/em>\r\n\t\t<\/p>\r\n<!-- \/wp:paragraph -->\r\n\r\n<!-- wp:spacer {\"height\":\"var:preset|spacing|10\"} -->\r\n<div style=\"height:var(--wp--preset--spacing--10)\" aria-hidden=\"true\" class=\"wp-block-spacer\"><\/div>\r\n<!-- \/wp:spacer -->\r\n\r\n<!-- wp:group {\"style\":{\"spacing\":{\"blockGap\":\"0\"}},\"layout\":{\"type\":\"flex\",\"orientation\":\"vertical\",\"justifyContent\":\"center\",\"flexWrap\":\"nowrap\"},\"metadata\":{\"name\":\"Fuente de testimonios\"}} -->\r\n<div class=\"wp-block-group\"><!-- wp:image {\"align\":\"center\",\"width\":\"60px\",\"aspectRatio\":\"1\",\"scale\":\"cover\",\"sizeSlug\":\"thumbnail\",\"linkDestination\":\"none\",\"style\":{\"border\":{\"radius\":\"100px\"}}} -->\r\n<figure class=\"wp-block-image aligncenter size-thumbnail is-resized has-custom-border\"><img alt=\"\" style=\"border-radius:100px;aspect-ratio:1;object-fit:cover;width:60px\"\/><\/figure>\r\n<!-- \/wp:image -->\r\n\r\n<!-- wp:paragraph {\"align\":\"center\",\"style\":{\"spacing\":{\"margin\":{\"top\":\"var:preset|spacing|10\",\"bottom\":\"0\"}}}} -->\r\n<p class=\"has-text-align-center\" style=\"margin-top:var(--wp--preset--spacing--10);margin-bottom:0\">Annie Steiner<\/p>\r\n<!-- \/wp:paragraph -->\r\n\r\n<!-- wp:paragraph {\"align\":\"center\",\"style\":{\"typography\":{\"fontStyle\":\"normal\",\"fontWeight\":\"300\"}},\"textColor\":\"contrast-3\",\"fontSize\":\"small\"} -->\r\n<p class=\"has-text-align-center has-contrast-3-color has-text-color has-small-font-size\" style=\"font-style:normal;font-weight:300\">Director General, Greenprint<\/p>\r\n<!-- \/wp:paragraph --><\/div>\r\n<!-- \/wp:group --><\/div>\r\n<!-- \/wp:group --><\/div>\r\n<!-- \/wp:group -->\r\n\r\n<!-- wp:group {\"align\":\"full\",\"style\":{\"spacing\":{\"padding\":{\"top\":\"var:preset|spacing|50\",\"bottom\":\"var:preset|spacing|50\",\"left\":\"var:preset|spacing|50\",\"right\":\"var:preset|spacing|50\"},\"margin\":{\"top\":\"0\",\"bottom\":\"0\"}}},\"layout\":{\"type\":\"constrained\"}} -->\r\n<div class=\"wp-block-group alignfull\" style=\"margin-top:0;margin-bottom:0;padding-top:var(--wp--preset--spacing--50);padding-right:var(--wp--preset--spacing--50);padding-bottom:var(--wp--preset--spacing--50);padding-left:var(--wp--preset--spacing--50)\"><!-- wp:heading {\"align\":\"wide\",\"style\":{\"typography\":{\"lineHeight\":\"1\"},\"spacing\":{\"margin\":{\"top\":\"0\",\"bottom\":\"var:preset|spacing|40\"}}},\"fontSize\":\"x-large\"} -->\r\n<h2 class=\"wp-block-heading alignwide has-x-large-font-size\" style=\"margin-top:0;margin-bottom:var(--wp--preset--spacing--40);line-height:1\">Mira, lee, escucha<\/h2>\r\n<!-- \/wp:heading -->\r\n\r\n<!-- wp:group {\"align\":\"wide\",\"layout\":{\"type\":\"constrained\"}} -->\r\n<div class=\"wp-block-group alignwide\"><!-- wp:query {\"queryId\":5,\"query\":{\"perPage\":10,\"pages\":0,\"offset\":0,\"postType\":\"post\",\"order\":\"desc\",\"orderBy\":\"date\",\"author\":\"\",\"search\":\"\",\"exclude\":[],\"sticky\":\"\",\"inherit\":true},\"align\":\"wide\",\"layout\":{\"type\":\"default\"}} -->\r\n<div class=\"wp-block-query alignwide\"><!-- wp:post-template -->\r\n<!-- wp:separator {\"backgroundColor\":\"contrast-3\",\"className\":\"alignwide is-style-wide\"} -->\r\n<hr class=\"wp-block-separator has-text-color has-contrast-3-color has-alpha-channel-opacity has-contrast-3-background-color has-background alignwide is-style-wide\"\/>\r\n<!-- \/wp:separator -->\r\n\r\n<!-- wp:columns {\"verticalAlignment\":\"center\",\"align\":\"wide\",\"style\":{\"spacing\":{\"margin\":{\"top\":\"var:preset|spacing|20\",\"bottom\":\"var:preset|spacing|20\"}}}} -->\r\n<div class=\"wp-block-columns alignwide are-vertically-aligned-center\" style=\"margin-top:var(--wp--preset--spacing--20);margin-bottom:var(--wp--preset--spacing--20)\"><!-- wp:column {\"verticalAlignment\":\"center\",\"width\":\"72%\"} -->\r\n<div class=\"wp-block-column is-vertically-aligned-center\" style=\"flex-basis:72%\"><!-- wp:post-title {\"isLink\":true,\"style\":{\"typography\":{\"lineHeight\":\"1.1\",\"fontSize\":\"1.5rem\"}}} \/--><\/div>\r\n<!-- \/wp:column -->\r\n\r\n<!-- wp:column {\"verticalAlignment\":\"center\",\"width\":\"28%\"} -->\r\n<div class=\"wp-block-column is-vertically-aligned-center\" style=\"flex-basis:28%\"><!-- wp:template-part {\"slug\":\"post-meta\",\"theme\":\"twentytwentyfour\"} \/--><\/div>\r\n<!-- \/wp:column --><\/div>\r\n<!-- \/wp:columns -->\r\n<!-- \/wp:post-template -->\r\n\r\n<!-- wp:spacer {\"height\":\"var:preset|spacing|30\"} -->\r\n<div style=\"height:var(--wp--preset--spacing--30)\" aria-hidden=\"true\" class=\"wp-block-spacer\"><\/div>\r\n<!-- \/wp:spacer -->\r\n\r\n<!-- wp:query-pagination {\"paginationArrow\":\"arrow\",\"layout\":{\"type\":\"flex\",\"justifyContent\":\"space-between\"}} -->\r\n<!-- wp:query-pagination-previous \/-->\r\n\r\n<!-- wp:query-pagination-numbers \/-->\r\n\r\n<!-- wp:query-pagination-next \/-->\r\n<!-- \/wp:query-pagination -->\r\n\r\n<!-- wp:query-no-results -->\r\n<!-- wp:paragraph -->\r\n<p>No se han encontrado entradas.<\/p>\r\n<!-- \/wp:paragraph -->\r\n<!-- \/wp:query-no-results --><\/div>\r\n<!-- \/wp:query --><\/div>\r\n<!-- \/wp:group --><\/div>\r\n<!-- \/wp:group -->\r\n\r\n<!-- wp:group {\"align\":\"full\",\"style\":{\"spacing\":{\"padding\":{\"top\":\"var:preset|spacing|50\",\"bottom\":\"var:preset|spacing|50\",\"left\":\"var:preset|spacing|50\",\"right\":\"var:preset|spacing|50\"},\"margin\":{\"top\":\"0\",\"bottom\":\"0\"}}},\"layout\":{\"type\":\"constrained\"}} -->\r\n<div class=\"wp-block-group alignfull\" style=\"margin-top:0;margin-bottom:0;padding-top:var(--wp--preset--spacing--50);padding-right:var(--wp--preset--spacing--50);padding-bottom:var(--wp--preset--spacing--50);padding-left:var(--wp--preset--spacing--50)\"><!-- wp:group {\"align\":\"wide\",\"style\":{\"border\":{\"radius\":\"16px\"},\"spacing\":{\"padding\":{\"top\":\"var:preset|spacing|40\",\"bottom\":\"var:preset|spacing|40\",\"left\":\"var:preset|spacing|50\",\"right\":\"var:preset|spacing|50\"}}},\"backgroundColor\":\"base-2\",\"layout\":{\"type\":\"constrained\"}} -->\r\n<div class=\"wp-block-group alignwide has-base-2-background-color has-background\" style=\"border-radius:16px;padding-top:var(--wp--preset--spacing--40);padding-right:var(--wp--preset--spacing--50);padding-bottom:var(--wp--preset--spacing--40);padding-left:var(--wp--preset--spacing--50)\"><!-- wp:spacer {\"height\":\"var:preset|spacing|10\"} -->\r\n<div style=\"height:var(--wp--preset--spacing--10)\" aria-hidden=\"true\" class=\"wp-block-spacer\"><\/div>\r\n<!-- \/wp:spacer -->\r\n\r\n<!-- wp:heading {\"textAlign\":\"center\",\"fontSize\":\"x-large\"} -->\r\n<h2 class=\"wp-block-heading has-text-align-center has-x-large-font-size\">\u00danete a m\u00e1s de 900 suscriptores<\/h2>\r\n<!-- \/wp:heading -->\r\n\r\n<!-- wp:paragraph {\"align\":\"center\"} -->\r\n<p class=\"has-text-align-center\">Mantente al d\u00eda de todo lo que necesitas saber.<\/p>\r\n<!-- \/wp:paragraph -->\r\n\r\n<!-- wp:buttons {\"layout\":{\"type\":\"flex\",\"justifyContent\":\"center\"}} -->\r\n<div class=\"wp-block-buttons\"><!-- wp:button -->\r\n<div class=\"wp-block-button\"><a class=\"wp-block-button__link wp-element-button\">Registro<\/a><\/div>\r\n<!-- \/wp:button --><\/div>\r\n<!-- \/wp:buttons -->\r\n\r\n<!-- wp:spacer {\"height\":\"var:preset|spacing|10\"} -->\r\n<div style=\"height:var(--wp--preset--spacing--10)\" aria-hidden=\"true\" class=\"wp-block-spacer\"><\/div>\r\n<!-- \/wp:spacer --><\/div>\r\n<!-- \/wp:group --><\/div>\r\n<!-- \/wp:group -->","_et_gb_content_width":"","om_disable_all_campaigns":false,"_monsterinsights_skip_tracking":false,"_monsterinsights_sitenote_active":false,"_monsterinsights_sitenote_note":"","_monsterinsights_sitenote_category":0,"footnotes":""},"class_list":["post-8","page","type-page","status-publish","has-post-thumbnail","hentry"],"aioseo_notices":[],"_links":{"self":[{"href":"https:\/\/memoriadelaredo.org\/index.php?rest_route=\/wp\/v2\/pages\/8","targetHints":{"allow":["GET"]}}],"collection":[{"href":"https:\/\/memoriadelaredo.org\/index.php?rest_route=\/wp\/v2\/pages"}],"about":[{"href":"https:\/\/memoriadelaredo.org\/index.php?rest_route=\/wp\/v2\/types\/page"}],"author":[{"embeddable":true,"href":"https:\/\/memoriadelaredo.org\/index.php?rest_route=\/wp\/v2\/users\/3"}],"replies":[{"embeddable":true,"href":"https:\/\/memoriadelaredo.org\/index.php?rest_route=%2Fwp%2Fv2%2Fcomments&post=8"}],"version-history":[{"count":7,"href":"https:\/\/memoriadelaredo.org\/index.php?rest_route=\/wp\/v2\/pages\/8\/revisions"}],"predecessor-version":[{"id":888,"href":"https:\/\/memoriadelaredo.org\/index.php?rest_route=\/wp\/v2\/pages\/8\/revisions\/888"}],"wp:featuredmedia":[{"embeddable":true,"href":"https:\/\/memoriadelaredo.org\/index.php?rest_route=\/wp\/v2\/media\/45"}],"wp:attachment":[{"href":"https:\/\/memoriadelaredo.org\/index.php?rest_route=%2Fwp%2Fv2%2Fmedia&parent=8"}],"curies":[{"name":"wp","href":"https:\/\/api.w.org\/{rel}","templated":true}]}}